{"id":1062,"date":"2014-12-29T10:44:41","date_gmt":"2014-12-29T10:44:41","guid":{"rendered":"http:\/\/mismaeficacia.cat\/?page_id=1062"},"modified":"2016-04-26T14:06:27","modified_gmt":"2016-04-26T14:06:27","slug":"que-nos-dice-la-ley","status":"publish","type":"page","link":"https:\/\/mismaeficacia.cat\/es\/cet\/que-nos-dice-la-ley\/","title":{"rendered":"\u00bfQu\u00e9 nos dice la Ley?"},"content":{"rendered":"<p style=\"text-align: justify;\"><img loading=\"lazy\" class=\"alignleft size-full wp-image-1637\" src=\"http:\/\/mismaeficacia.cat\/wp-content\/uploads\/2014\/12\/llei.png\" alt=\"llei\" width=\"240\" height=\"203\" \/>Seg\u00fan la legislaci\u00f3n laboral <strong>todas las empresas de 50 trabajadores o m\u00e1s<\/strong>, deben tener como <strong>m\u00ednimo en su plantilla el 2% de personal<\/strong> con discapacidad superior al 33%.<\/p>\n<p style=\"text-align: justify;\">Las empresas pueden dar cumplimiento a la legislaci\u00f3n Ley Integraci\u00f3n Minusv\u00e1lido (LISMI) mediante:<\/p>\n<p style=\"text-align: justify;\"><div class=\"su-accordion su-u-trim\">\n<div class=\"su-spoiler su-spoiler-style-default su-spoiler-icon-arrow\" data-scroll-offset=\"0\" data-anchor-in-url=\"no\"><div class=\"su-spoiler-title\" tabindex=\"0\" role=\"button\"><span class=\"su-spoiler-icon\"><\/span>1.- Contrataci\u00f3n directa<\/div><div class=\"su-spoiler-content su-u-clearfix su-u-trim\"> Incorporaci\u00f3n en la propia plantilla de personas con discapacidad.<br \/>\n<\/div><\/div>\n<div class=\"su-spoiler su-spoiler-style-default su-spoiler-icon-arrow su-spoiler-closed\" data-scroll-offset=\"0\" data-anchor-in-url=\"no\"><div class=\"su-spoiler-title\" tabindex=\"0\" role=\"button\"><span class=\"su-spoiler-icon\"><\/span>2.- Medidas alternativas reguladas en el RD 364\/2005<\/div><div class=\"su-spoiler-content su-u-clearfix su-u-trim\">\n<ol style=\"text-align: justify;\">\n<li><img loading=\"lazy\" class=\" wp-image-1669 alignright\" src=\"http:\/\/mismaeficacia.cat\/wp-content\/uploads\/2014\/12\/RD-364200-150x150.png\" alt=\"RD 364:200\" width=\"239\" height=\"261\" \/>Subcontrataci\u00f3n de servicios a Centros Especiales de Empleo, CET.<\/li>\n<li>Compra de productos a Centros Especiales de Empleo, CET.<\/li>\n<li>Realizaci\u00f3n de donaciones y acciones de patrocinio siempre de naturaleza monetaria a una fundaci\u00f3n o una asociaci\u00f3n de utilidad p\u00fablica cuyo objeto social sea entre otros, la formaci\u00f3n profesional, para el desarrollo de actividades de inserci\u00f3n laboral y de creaci\u00f3n de empleo para personas con discapacidad.<\/li>\n<\/ol>\n<p style=\"text-align: justify;\"><\/div><\/div>\n<p style=\"text-align: justify;\"><div class=\"su-spoiler su-spoiler-style-default su-spoiler-icon-arrow su-spoiler-closed\" data-scroll-offset=\"0\" data-anchor-in-url=\"no\"><div class=\"su-spoiler-title\" tabindex=\"0\" role=\"button\"><span class=\"su-spoiler-icon\"><\/span>3.- Enclave laboral<\/div><div class=\"su-spoiler-content su-u-clearfix su-u-trim\">\n<p style=\"text-align: justify;\">Contrato entre una empresa del mercado ordinario de trabajo, empresa colaboradora, y un Centro Especial de Empleo (CEE)= para la realizaci\u00f3n de obras o servicios en relaci\u00f3n directa con la actividad principal de la empresa colaboradora, cuya realizaci\u00f3n se lleva a t\u00e9rmino por un grupo de trabajadores con discapacidad del Centro Especial de Empleo que se desplaza\u00a0 temporalmente al centro de trabajo de la empresa colaboradora.<br \/>\nEs una f\u00f3rmula de relaci\u00f3n comercial entre CEE y empresa ordinaria.<br \/>\n<\/div><\/div>\n<\/div>\n<p>&nbsp;<\/p>\n","protected":false},"excerpt":{"rendered":"<p>Seg\u00fan la legislaci\u00f3n laboral todas las empresas de 50 trabajadores o m\u00e1s, deben tener como m\u00ednimo en su plantilla el 2% de personal con discapacidad superior al 33%. Las empresas pueden dar cumplimiento a la legislaci\u00f3n Ley Integraci\u00f3n Minusv\u00e1lido (LISMI) mediante: &nbsp;<\/p>\n","protected":false},"author":1,"featured_media":0,"parent":1054,"menu_order":2,"comment_status":"closed","ping_status":"closed","template":"","meta":[],"_links":{"self":[{"href":"https:\/\/mismaeficacia.cat\/es\/wp-json\/wp\/v2\/pages\/1062"}],"collection":[{"href":"https:\/\/mismaeficacia.cat\/es\/wp-json\/wp\/v2\/pages"}],"about":[{"href":"https:\/\/mismaeficacia.cat\/es\/wp-json\/wp\/v2\/types\/page"}],"author":[{"embeddable":true,"href":"https:\/\/mismaeficacia.cat\/es\/wp-json\/wp\/v2\/users\/1"}],"replies":[{"embeddable":true,"href":"https:\/\/mismaeficacia.cat\/es\/wp-json\/wp\/v2\/comments?post=1062"}],"version-history":[{"count":9,"href":"https:\/\/mismaeficacia.cat\/es\/wp-json\/wp\/v2\/pages\/1062\/revisions"}],"predecessor-version":[{"id":2096,"href":"https:\/\/mismaeficacia.cat\/es\/wp-json\/wp\/v2\/pages\/1062\/revisions\/2096"}],"up":[{"embeddable":true,"href":"https:\/\/mismaeficacia.cat\/es\/wp-json\/wp\/v2\/pages\/1054"}],"wp:attachment":[{"href":"https:\/\/mismaeficacia.cat\/es\/wp-json\/wp\/v2\/media?parent=1062"}],"curies":[{"name":"wp","href":"https:\/\/api.w.org\/{rel}","templated":true}]}}