{"id":1066,"date":"2014-12-29T10:46:57","date_gmt":"2014-12-29T10:46:57","guid":{"rendered":"http:\/\/mismaeficacia.cat\/?page_id=1066"},"modified":"2016-04-26T14:08:56","modified_gmt":"2016-04-26T14:08:56","slug":"como-contratar-mismaeficacia-sl","status":"publish","type":"page","link":"https:\/\/mismaeficacia.cat\/es\/cet\/como-contratar-mismaeficacia-sl\/","title":{"rendered":"\u00bfC\u00f3mo contratar Mismaeficacia SL?"},"content":{"rendered":"<p><a href=\"http:\/\/mismaeficacia.cat\/wp-content\/uploads\/2014\/12\/contractacio-dir.png\"><img loading=\"lazy\" class=\" size-full wp-image-1660 aligncenter\" src=\"http:\/\/mismaeficacia.cat\/wp-content\/uploads\/2014\/12\/contractacio-dir.png\" alt=\"contractacio-dir\" width=\"486\" height=\"166\" srcset=\"https:\/\/mismaeficacia.cat\/wp-content\/uploads\/2014\/12\/contractacio-dir.png 486w, https:\/\/mismaeficacia.cat\/wp-content\/uploads\/2014\/12\/contractacio-dir-300x102.png 300w\" sizes=\"(max-width: 486px) 100vw, 486px\" \/><\/a><\/p>\n<ul>\n<li class=\"llista\" style=\"text-align: justify;\">Suscribir un contrato para la<strong> realizaci\u00f3n de servicios o la compra de bienes producidos con la intervenci\u00f3n de MISMAEFICACIA<\/strong>.<\/li>\n<li class=\"llista\" style=\"text-align: justify;\">Constituir un <strong>enclave laboral<\/strong>.<\/li>\n<li class=\"llista\" style=\"text-align: justify;\">Solicitud del certificado de excepcionalidad <strong>que justifica la opci\u00f3n de medida alternativa<\/strong>:\n<ul>\n<li class=\"llista2\">Al Servicio de Empleo P\u00fablico de la Comunidad Aut\u00f3noma.<\/li>\n<li class=\"llista2\">Al INEM<\/li>\n<\/ul>\n<\/li>\n<\/ul>\n<p style=\"text-align: justify;\"><div class=\"su-accordion su-u-trim\">\n<div class=\"su-spoiler su-spoiler-style-default su-spoiler-icon-arrow\" data-scroll-offset=\"0\" data-anchor-in-url=\"no\"><div class=\"su-spoiler-title\" tabindex=\"0\" role=\"button\"><span class=\"su-spoiler-icon\"><\/span>Donaciones:<\/div><div class=\"su-spoiler-content su-u-clearfix su-u-trim\">\nEl importe anual para la donaci\u00f3n habr\u00e1 de ser, al menos, de <strong>1,5 veces el IPREM anual<\/strong> por cada trabajador con discapacidad que se hubiera tenido que contratar para cubrir con la cuota del 2% de su plantilla.<\/p>\n<p style=\"text-align: justify;\"><strong>Para 2015<\/strong>: 7.455,14 x 1,5= 11.1182,71 \u20ac<br \/>\n<\/div><\/div>\n<\/div>\n","protected":false},"excerpt":{"rendered":"<p>Suscribir un contrato para la realizaci\u00f3n de servicios o la compra de bienes producidos con la intervenci\u00f3n de MISMAEFICACIA. Constituir un enclave laboral. Solicitud del certificado de excepcionalidad que justifica la opci\u00f3n de medida alternativa: Al Servicio de Empleo P\u00fablico de la Comunidad Aut\u00f3noma. Al INEM<\/p>\n","protected":false},"author":1,"featured_media":0,"parent":1054,"menu_order":4,"comment_status":"closed","ping_status":"closed","template":"","meta":[],"_links":{"self":[{"href":"https:\/\/mismaeficacia.cat\/es\/wp-json\/wp\/v2\/pages\/1066"}],"collection":[{"href":"https:\/\/mismaeficacia.cat\/es\/wp-json\/wp\/v2\/pages"}],"about":[{"href":"https:\/\/mismaeficacia.cat\/es\/wp-json\/wp\/v2\/types\/page"}],"author":[{"embeddable":true,"href":"https:\/\/mismaeficacia.cat\/es\/wp-json\/wp\/v2\/users\/1"}],"replies":[{"embeddable":true,"href":"https:\/\/mismaeficacia.cat\/es\/wp-json\/wp\/v2\/comments?post=1066"}],"version-history":[{"count":11,"href":"https:\/\/mismaeficacia.cat\/es\/wp-json\/wp\/v2\/pages\/1066\/revisions"}],"predecessor-version":[{"id":2098,"href":"https:\/\/mismaeficacia.cat\/es\/wp-json\/wp\/v2\/pages\/1066\/revisions\/2098"}],"up":[{"embeddable":true,"href":"https:\/\/mismaeficacia.cat\/es\/wp-json\/wp\/v2\/pages\/1054"}],"wp:attachment":[{"href":"https:\/\/mismaeficacia.cat\/es\/wp-json\/wp\/v2\/media?parent=1066"}],"curies":[{"name":"wp","href":"https:\/\/api.w.org\/{rel}","templated":true}]}}